{"id":6016,"date":"2025-12-10T11:15:19","date_gmt":"2025-12-10T10:15:19","guid":{"rendered":"https:\/\/glutenfrei-laktosefrei.ch\/faq-items\/jai-recu-vos-produits-surgeles-legerement-decongeles-que-dois-je-faire\/"},"modified":"2025-12-16T04:41:38","modified_gmt":"2025-12-16T03:41:38","slug":"jai-recu-vos-produits-surgeles-legerement-decongeles-que-dois-je-faire","status":"publish","type":"avada_faq","link":"https:\/\/glutenfrei-laktosefrei.ch\/fr\/faq-items\/jai-recu-vos-produits-surgeles-legerement-decongeles-que-dois-je-faire\/","title":{"rendered":"J\u2019ai re\u00e7u vos produits surgel\u00e9s l\u00e9g\u00e8rement d\u00e9congel\u00e9s. Que dois-je faire ?"},"content":{"rendered":"<p>\u00c0 l\u2019exception des tartelettes aux fromages et de la pizza Margherita, qui contiennent du fromage sans lactose, tous nos produits sont sans lait. Nous rempla\u00e7ons la saveur du lait par du lait de coco de haute qualit\u00e9. Les produits contenant du lait de coco, un ingr\u00e9dient v\u00e9g\u00e9tal, peuvent \u00eatre congel\u00e9s plusieurs fois sans que cela n\u2019alt\u00e8re leur go\u00fbt ou leur texture. Vous pouvez donc recongeler en toute s\u00e9curit\u00e9 les produits que vous souhaitez conserver pour une consommation ult\u00e9rieure, au moins une fois de plus.   <\/p>\n","protected":false},"excerpt":{"rendered":"<p>\u00c0 l\u2019exception des tartelettes aux fromages et de la pizza  [&#8230;]<\/p>\n","protected":false},"author":2,"featured_media":0,"menu_order":0,"comment_status":"open","ping_status":"closed","template":"","format":"standard","meta":{"footnotes":""},"faq_category":[222],"class_list":["post-6016","avada_faq","type-avada_faq","status-publish","format-standard","hentry","faq_category-durabilite-stockage-decongelation"],"yoast_head":"<!-- This site is optimized with the Yoast SEO plugin v26.6 - https:\/\/yoast.com\/wordpress\/plugins\/seo\/ -->\n<title>J\u2019ai re\u00e7u vos produits surgel\u00e9s l\u00e9g\u00e8rement d\u00e9congel\u00e9s. Que dois-je faire ? | A-B-W Riesen GmbH<\/title>\n<meta name=\"robots\" content=\"index, follow, max-snippet:-1, max-image-preview:large, max-video-preview:-1\" \/>\n<link rel=\"canonical\" href=\"https:\/\/glutenfrei-laktosefrei.ch\/fr\/faq-items\/jai-recu-vos-produits-surgeles-legerement-decongeles-que-dois-je-faire\/\" \/>\n<meta property=\"og:locale\" content=\"fr_FR\" \/>\n<meta property=\"og:type\" content=\"article\" \/>\n<meta property=\"og:title\" content=\"J\u2019ai re\u00e7u vos produits surgel\u00e9s l\u00e9g\u00e8rement d\u00e9congel\u00e9s. Que dois-je faire ? | A-B-W Riesen GmbH\" \/>\n<meta property=\"og:description\" content=\"\u00c0 l\u2019exception des tartelettes aux fromages et de la pizza [...]\" \/>\n<meta property=\"og:url\" content=\"https:\/\/glutenfrei-laktosefrei.ch\/fr\/faq-items\/jai-recu-vos-produits-surgeles-legerement-decongeles-que-dois-je-faire\/\" \/>\n<meta property=\"og:site_name\" content=\"A-B-W Riesen GmbH\" \/>\n<meta property=\"article:modified_time\" content=\"2025-12-16T03:41:38+00:00\" \/>\n<meta property=\"og:image\" content=\"https:\/\/glutenfrei-laktosefrei.ch\/wp-content\/uploads\/2020\/11\/iStock-182197205.webp\" \/>\n\t<meta property=\"og:image:width\" content=\"1920\" \/>\n\t<meta property=\"og:image:height\" content=\"1420\" \/>\n\t<meta property=\"og:image:type\" content=\"image\/webp\" \/>\n<meta name=\"twitter:card\" content=\"summary_large_image\" \/>\n<script type=\"application\/ld+json\" class=\"yoast-schema-graph\">{\"@context\":\"https:\/\/schema.org\",\"@graph\":[{\"@type\":\"WebPage\",\"@id\":\"https:\/\/glutenfrei-laktosefrei.ch\/fr\/faq-items\/jai-recu-vos-produits-surgeles-legerement-decongeles-que-dois-je-faire\/\",\"url\":\"https:\/\/glutenfrei-laktosefrei.ch\/fr\/faq-items\/jai-recu-vos-produits-surgeles-legerement-decongeles-que-dois-je-faire\/\",\"name\":\"J\u2019ai re\u00e7u vos produits surgel\u00e9s l\u00e9g\u00e8rement d\u00e9congel\u00e9s. Que dois-je faire ? | A-B-W Riesen GmbH\",\"isPartOf\":{\"@id\":\"https:\/\/glutenfrei-laktosefrei.ch\/fr\/#website\"},\"datePublished\":\"2025-12-10T10:15:19+00:00\",\"dateModified\":\"2025-12-16T03:41:38+00:00\",\"breadcrumb\":{\"@id\":\"https:\/\/glutenfrei-laktosefrei.ch\/fr\/faq-items\/jai-recu-vos-produits-surgeles-legerement-decongeles-que-dois-je-faire\/#breadcrumb\"},\"inLanguage\":\"fr-FR\",\"potentialAction\":[{\"@type\":\"ReadAction\",\"target\":[\"https:\/\/glutenfrei-laktosefrei.ch\/fr\/faq-items\/jai-recu-vos-produits-surgeles-legerement-decongeles-que-dois-je-faire\/\"]}]},{\"@type\":\"BreadcrumbList\",\"@id\":\"https:\/\/glutenfrei-laktosefrei.ch\/fr\/faq-items\/jai-recu-vos-produits-surgeles-legerement-decongeles-que-dois-je-faire\/#breadcrumb\",\"itemListElement\":[{\"@type\":\"ListItem\",\"position\":1,\"name\":\"Home\",\"item\":\"https:\/\/glutenfrei-laktosefrei.ch\/fr\/\"},{\"@type\":\"ListItem\",\"position\":2,\"name\":\"FAQs\",\"item\":\"https:\/\/glutenfrei-laktosefrei.ch\/fr\/faq-items\/\"},{\"@type\":\"ListItem\",\"position\":3,\"name\":\"J\u2019ai re\u00e7u vos produits surgel\u00e9s l\u00e9g\u00e8rement d\u00e9congel\u00e9s. Que dois-je faire ?\"}]},{\"@type\":\"WebSite\",\"@id\":\"https:\/\/glutenfrei-laktosefrei.ch\/fr\/#website\",\"url\":\"https:\/\/glutenfrei-laktosefrei.ch\/fr\/\",\"name\":\"A-B-W Riesen GmbH\",\"description\":\"\",\"publisher\":{\"@id\":\"https:\/\/glutenfrei-laktosefrei.ch\/fr\/#organization\"},\"potentialAction\":[{\"@type\":\"SearchAction\",\"target\":{\"@type\":\"EntryPoint\",\"urlTemplate\":\"https:\/\/glutenfrei-laktosefrei.ch\/fr\/?s={search_term_string}\"},\"query-input\":{\"@type\":\"PropertyValueSpecification\",\"valueRequired\":true,\"valueName\":\"search_term_string\"}}],\"inLanguage\":\"fr-FR\"},{\"@type\":\"Organization\",\"@id\":\"https:\/\/glutenfrei-laktosefrei.ch\/fr\/#organization\",\"name\":\"A-B-W Riesen GmbH\",\"url\":\"https:\/\/glutenfrei-laktosefrei.ch\/fr\/\",\"logo\":{\"@type\":\"ImageObject\",\"inLanguage\":\"fr-FR\",\"@id\":\"https:\/\/glutenfrei-laktosefrei.ch\/fr\/#\/schema\/logo\/image\/\",\"url\":\"https:\/\/glutenfrei-laktosefrei.ch\/wp-content\/uploads\/2024\/12\/fav_2024.png\",\"contentUrl\":\"https:\/\/glutenfrei-laktosefrei.ch\/wp-content\/uploads\/2024\/12\/fav_2024.png\",\"width\":100,\"height\":100,\"caption\":\"A-B-W Riesen GmbH\"},\"image\":{\"@id\":\"https:\/\/glutenfrei-laktosefrei.ch\/fr\/#\/schema\/logo\/image\/\"}}]}<\/script>\n<!-- \/ Yoast SEO plugin. -->","yoast_head_json":{"title":"J\u2019ai re\u00e7u vos produits surgel\u00e9s l\u00e9g\u00e8rement d\u00e9congel\u00e9s. Que dois-je faire ? | A-B-W Riesen GmbH","robots":{"index":"index","follow":"follow","max-snippet":"max-snippet:-1","max-image-preview":"max-image-preview:large","max-video-preview":"max-video-preview:-1"},"canonical":"https:\/\/glutenfrei-laktosefrei.ch\/fr\/faq-items\/jai-recu-vos-produits-surgeles-legerement-decongeles-que-dois-je-faire\/","og_locale":"fr_FR","og_type":"article","og_title":"J\u2019ai re\u00e7u vos produits surgel\u00e9s l\u00e9g\u00e8rement d\u00e9congel\u00e9s. Que dois-je faire ? | A-B-W Riesen GmbH","og_description":"\u00c0 l\u2019exception des tartelettes aux fromages et de la pizza [...]","og_url":"https:\/\/glutenfrei-laktosefrei.ch\/fr\/faq-items\/jai-recu-vos-produits-surgeles-legerement-decongeles-que-dois-je-faire\/","og_site_name":"A-B-W Riesen GmbH","article_modified_time":"2025-12-16T03:41:38+00:00","og_image":[{"width":1920,"height":1420,"url":"https:\/\/glutenfrei-laktosefrei.ch\/wp-content\/uploads\/2020\/11\/iStock-182197205.webp","type":"image\/webp"}],"twitter_card":"summary_large_image","schema":{"@context":"https:\/\/schema.org","@graph":[{"@type":"WebPage","@id":"https:\/\/glutenfrei-laktosefrei.ch\/fr\/faq-items\/jai-recu-vos-produits-surgeles-legerement-decongeles-que-dois-je-faire\/","url":"https:\/\/glutenfrei-laktosefrei.ch\/fr\/faq-items\/jai-recu-vos-produits-surgeles-legerement-decongeles-que-dois-je-faire\/","name":"J\u2019ai re\u00e7u vos produits surgel\u00e9s l\u00e9g\u00e8rement d\u00e9congel\u00e9s. Que dois-je faire ? | A-B-W Riesen GmbH","isPartOf":{"@id":"https:\/\/glutenfrei-laktosefrei.ch\/fr\/#website"},"datePublished":"2025-12-10T10:15:19+00:00","dateModified":"2025-12-16T03:41:38+00:00","breadcrumb":{"@id":"https:\/\/glutenfrei-laktosefrei.ch\/fr\/faq-items\/jai-recu-vos-produits-surgeles-legerement-decongeles-que-dois-je-faire\/#breadcrumb"},"inLanguage":"fr-FR","potentialAction":[{"@type":"ReadAction","target":["https:\/\/glutenfrei-laktosefrei.ch\/fr\/faq-items\/jai-recu-vos-produits-surgeles-legerement-decongeles-que-dois-je-faire\/"]}]},{"@type":"BreadcrumbList","@id":"https:\/\/glutenfrei-laktosefrei.ch\/fr\/faq-items\/jai-recu-vos-produits-surgeles-legerement-decongeles-que-dois-je-faire\/#breadcrumb","itemListElement":[{"@type":"ListItem","position":1,"name":"Home","item":"https:\/\/glutenfrei-laktosefrei.ch\/fr\/"},{"@type":"ListItem","position":2,"name":"FAQs","item":"https:\/\/glutenfrei-laktosefrei.ch\/fr\/faq-items\/"},{"@type":"ListItem","position":3,"name":"J\u2019ai re\u00e7u vos produits surgel\u00e9s l\u00e9g\u00e8rement d\u00e9congel\u00e9s. Que dois-je faire ?"}]},{"@type":"WebSite","@id":"https:\/\/glutenfrei-laktosefrei.ch\/fr\/#website","url":"https:\/\/glutenfrei-laktosefrei.ch\/fr\/","name":"A-B-W Riesen GmbH","description":"","publisher":{"@id":"https:\/\/glutenfrei-laktosefrei.ch\/fr\/#organization"},"potentialAction":[{"@type":"SearchAction","target":{"@type":"EntryPoint","urlTemplate":"https:\/\/glutenfrei-laktosefrei.ch\/fr\/?s={search_term_string}"},"query-input":{"@type":"PropertyValueSpecification","valueRequired":true,"valueName":"search_term_string"}}],"inLanguage":"fr-FR"},{"@type":"Organization","@id":"https:\/\/glutenfrei-laktosefrei.ch\/fr\/#organization","name":"A-B-W Riesen GmbH","url":"https:\/\/glutenfrei-laktosefrei.ch\/fr\/","logo":{"@type":"ImageObject","inLanguage":"fr-FR","@id":"https:\/\/glutenfrei-laktosefrei.ch\/fr\/#\/schema\/logo\/image\/","url":"https:\/\/glutenfrei-laktosefrei.ch\/wp-content\/uploads\/2024\/12\/fav_2024.png","contentUrl":"https:\/\/glutenfrei-laktosefrei.ch\/wp-content\/uploads\/2024\/12\/fav_2024.png","width":100,"height":100,"caption":"A-B-W Riesen GmbH"},"image":{"@id":"https:\/\/glutenfrei-laktosefrei.ch\/fr\/#\/schema\/logo\/image\/"}}]}},"_links":{"self":[{"href":"https:\/\/glutenfrei-laktosefrei.ch\/fr\/wp-json\/wp\/v2\/avada_faq\/6016","targetHints":{"allow":["GET"]}}],"collection":[{"href":"https:\/\/glutenfrei-laktosefrei.ch\/fr\/wp-json\/wp\/v2\/avada_faq"}],"about":[{"href":"https:\/\/glutenfrei-laktosefrei.ch\/fr\/wp-json\/wp\/v2\/types\/avada_faq"}],"author":[{"embeddable":true,"href":"https:\/\/glutenfrei-laktosefrei.ch\/fr\/wp-json\/wp\/v2\/users\/2"}],"replies":[{"embeddable":true,"href":"https:\/\/glutenfrei-laktosefrei.ch\/fr\/wp-json\/wp\/v2\/comments?post=6016"}],"version-history":[{"count":2,"href":"https:\/\/glutenfrei-laktosefrei.ch\/fr\/wp-json\/wp\/v2\/avada_faq\/6016\/revisions"}],"predecessor-version":[{"id":6045,"href":"https:\/\/glutenfrei-laktosefrei.ch\/fr\/wp-json\/wp\/v2\/avada_faq\/6016\/revisions\/6045"}],"wp:attachment":[{"href":"https:\/\/glutenfrei-laktosefrei.ch\/fr\/wp-json\/wp\/v2\/media?parent=6016"}],"wp:term":[{"taxonomy":"faq_category","embeddable":true,"href":"https:\/\/glutenfrei-laktosefrei.ch\/fr\/wp-json\/wp\/v2\/faq_category?post=6016"}],"curies":[{"name":"wp","href":"https:\/\/api.w.org\/{rel}","templated":true}]}}