{"id":6013,"date":"2025-12-10T11:16:18","date_gmt":"2025-12-10T10:16:18","guid":{"rendered":"https:\/\/glutenfrei-laktosefrei.ch\/faq-items\/vos-produits-de-boulangerie-combien-de-temps-puis-je-les-conserver-apres-decongelation\/"},"modified":"2025-12-16T04:44:36","modified_gmt":"2025-12-16T03:44:36","slug":"vos-produits-de-boulangerie-combien-de-temps-puis-je-les-conserver-apres-decongelation","status":"publish","type":"avada_faq","link":"https:\/\/glutenfrei-laktosefrei.ch\/fr\/faq-items\/vos-produits-de-boulangerie-combien-de-temps-puis-je-les-conserver-apres-decongelation\/","title":{"rendered":"Vos produits de p\u00e2tisserie, combien de temps puis-je les conserver apr\u00e8s d\u00e9cong\u00e9lation ?"},"content":{"rendered":"<p>Nos produits de p\u00e2tisserie, comme nos pains, se conservent au r\u00e9frig\u00e9rateur pendant au moins 5 jours. Pour un go\u00fbt optimal et une texture id\u00e9ale, il est recommand\u00e9 de les sortir du r\u00e9frig\u00e9rateur au moins 30 minutes avant de les consommer. \u00c0 temp\u00e9rature ambiante, ils s\u2019assouplissent et retrouvent leur \u00e9lasticit\u00e9 ainsi que leur saveur intense.  <\/p>\n","protected":false},"excerpt":{"rendered":"<p>Nos produits de p\u00e2tisserie, comme nos pains, se conservent au  [&#8230;]<\/p>\n","protected":false},"author":2,"featured_media":0,"menu_order":0,"comment_status":"open","ping_status":"closed","template":"","format":"standard","meta":{"footnotes":""},"faq_category":[222],"class_list":["post-6013","avada_faq","type-avada_faq","status-publish","format-standard","hentry","faq_category-durabilite-stockage-decongelation"],"yoast_head":"<!-- This site is optimized with the Yoast SEO plugin v26.6 - https:\/\/yoast.com\/wordpress\/plugins\/seo\/ -->\n<title>Vos produits de p\u00e2tisserie, combien de temps puis-je les conserver apr\u00e8s d\u00e9cong\u00e9lation ? | A-B-W Riesen GmbH<\/title>\n<meta name=\"robots\" content=\"index, follow, max-snippet:-1, max-image-preview:large, max-video-preview:-1\" \/>\n<link rel=\"canonical\" href=\"https:\/\/glutenfrei-laktosefrei.ch\/fr\/faq-items\/vos-produits-de-boulangerie-combien-de-temps-puis-je-les-conserver-apres-decongelation\/\" \/>\n<meta property=\"og:locale\" content=\"fr_FR\" \/>\n<meta property=\"og:type\" content=\"article\" \/>\n<meta property=\"og:title\" content=\"Vos produits de p\u00e2tisserie, combien de temps puis-je les conserver apr\u00e8s d\u00e9cong\u00e9lation ? | A-B-W Riesen GmbH\" \/>\n<meta property=\"og:description\" content=\"Nos produits de p\u00e2tisserie, comme nos pains, se conservent au [...]\" \/>\n<meta property=\"og:url\" content=\"https:\/\/glutenfrei-laktosefrei.ch\/fr\/faq-items\/vos-produits-de-boulangerie-combien-de-temps-puis-je-les-conserver-apres-decongelation\/\" \/>\n<meta property=\"og:site_name\" content=\"A-B-W Riesen GmbH\" \/>\n<meta property=\"article:modified_time\" content=\"2025-12-16T03:44:36+00:00\" \/>\n<meta property=\"og:image\" content=\"https:\/\/glutenfrei-laktosefrei.ch\/wp-content\/uploads\/2020\/11\/iStock-182197205.webp\" \/>\n\t<meta property=\"og:image:width\" content=\"1920\" \/>\n\t<meta property=\"og:image:height\" content=\"1420\" \/>\n\t<meta property=\"og:image:type\" content=\"image\/webp\" \/>\n<meta name=\"twitter:card\" content=\"summary_large_image\" \/>\n<script type=\"application\/ld+json\" class=\"yoast-schema-graph\">{\"@context\":\"https:\/\/schema.org\",\"@graph\":[{\"@type\":\"WebPage\",\"@id\":\"https:\/\/glutenfrei-laktosefrei.ch\/fr\/faq-items\/vos-produits-de-boulangerie-combien-de-temps-puis-je-les-conserver-apres-decongelation\/\",\"url\":\"https:\/\/glutenfrei-laktosefrei.ch\/fr\/faq-items\/vos-produits-de-boulangerie-combien-de-temps-puis-je-les-conserver-apres-decongelation\/\",\"name\":\"Vos produits de p\u00e2tisserie, combien de temps puis-je les conserver apr\u00e8s d\u00e9cong\u00e9lation ? | A-B-W Riesen GmbH\",\"isPartOf\":{\"@id\":\"https:\/\/glutenfrei-laktosefrei.ch\/fr\/#website\"},\"datePublished\":\"2025-12-10T10:16:18+00:00\",\"dateModified\":\"2025-12-16T03:44:36+00:00\",\"breadcrumb\":{\"@id\":\"https:\/\/glutenfrei-laktosefrei.ch\/fr\/faq-items\/vos-produits-de-boulangerie-combien-de-temps-puis-je-les-conserver-apres-decongelation\/#breadcrumb\"},\"inLanguage\":\"fr-FR\",\"potentialAction\":[{\"@type\":\"ReadAction\",\"target\":[\"https:\/\/glutenfrei-laktosefrei.ch\/fr\/faq-items\/vos-produits-de-boulangerie-combien-de-temps-puis-je-les-conserver-apres-decongelation\/\"]}]},{\"@type\":\"BreadcrumbList\",\"@id\":\"https:\/\/glutenfrei-laktosefrei.ch\/fr\/faq-items\/vos-produits-de-boulangerie-combien-de-temps-puis-je-les-conserver-apres-decongelation\/#breadcrumb\",\"itemListElement\":[{\"@type\":\"ListItem\",\"position\":1,\"name\":\"Home\",\"item\":\"https:\/\/glutenfrei-laktosefrei.ch\/fr\/\"},{\"@type\":\"ListItem\",\"position\":2,\"name\":\"FAQs\",\"item\":\"https:\/\/glutenfrei-laktosefrei.ch\/fr\/faq-items\/\"},{\"@type\":\"ListItem\",\"position\":3,\"name\":\"Vos produits de p\u00e2tisserie, combien de temps puis-je les conserver apr\u00e8s d\u00e9cong\u00e9lation ?\"}]},{\"@type\":\"WebSite\",\"@id\":\"https:\/\/glutenfrei-laktosefrei.ch\/fr\/#website\",\"url\":\"https:\/\/glutenfrei-laktosefrei.ch\/fr\/\",\"name\":\"A-B-W Riesen GmbH\",\"description\":\"\",\"publisher\":{\"@id\":\"https:\/\/glutenfrei-laktosefrei.ch\/fr\/#organization\"},\"potentialAction\":[{\"@type\":\"SearchAction\",\"target\":{\"@type\":\"EntryPoint\",\"urlTemplate\":\"https:\/\/glutenfrei-laktosefrei.ch\/fr\/?s={search_term_string}\"},\"query-input\":{\"@type\":\"PropertyValueSpecification\",\"valueRequired\":true,\"valueName\":\"search_term_string\"}}],\"inLanguage\":\"fr-FR\"},{\"@type\":\"Organization\",\"@id\":\"https:\/\/glutenfrei-laktosefrei.ch\/fr\/#organization\",\"name\":\"A-B-W Riesen GmbH\",\"url\":\"https:\/\/glutenfrei-laktosefrei.ch\/fr\/\",\"logo\":{\"@type\":\"ImageObject\",\"inLanguage\":\"fr-FR\",\"@id\":\"https:\/\/glutenfrei-laktosefrei.ch\/fr\/#\/schema\/logo\/image\/\",\"url\":\"https:\/\/glutenfrei-laktosefrei.ch\/wp-content\/uploads\/2024\/12\/fav_2024.png\",\"contentUrl\":\"https:\/\/glutenfrei-laktosefrei.ch\/wp-content\/uploads\/2024\/12\/fav_2024.png\",\"width\":100,\"height\":100,\"caption\":\"A-B-W Riesen GmbH\"},\"image\":{\"@id\":\"https:\/\/glutenfrei-laktosefrei.ch\/fr\/#\/schema\/logo\/image\/\"}}]}<\/script>\n<!-- \/ Yoast SEO plugin. -->","yoast_head_json":{"title":"Vos produits de p\u00e2tisserie, combien de temps puis-je les conserver apr\u00e8s d\u00e9cong\u00e9lation ? | A-B-W Riesen GmbH","robots":{"index":"index","follow":"follow","max-snippet":"max-snippet:-1","max-image-preview":"max-image-preview:large","max-video-preview":"max-video-preview:-1"},"canonical":"https:\/\/glutenfrei-laktosefrei.ch\/fr\/faq-items\/vos-produits-de-boulangerie-combien-de-temps-puis-je-les-conserver-apres-decongelation\/","og_locale":"fr_FR","og_type":"article","og_title":"Vos produits de p\u00e2tisserie, combien de temps puis-je les conserver apr\u00e8s d\u00e9cong\u00e9lation ? | A-B-W Riesen GmbH","og_description":"Nos produits de p\u00e2tisserie, comme nos pains, se conservent au [...]","og_url":"https:\/\/glutenfrei-laktosefrei.ch\/fr\/faq-items\/vos-produits-de-boulangerie-combien-de-temps-puis-je-les-conserver-apres-decongelation\/","og_site_name":"A-B-W Riesen GmbH","article_modified_time":"2025-12-16T03:44:36+00:00","og_image":[{"width":1920,"height":1420,"url":"https:\/\/glutenfrei-laktosefrei.ch\/wp-content\/uploads\/2020\/11\/iStock-182197205.webp","type":"image\/webp"}],"twitter_card":"summary_large_image","schema":{"@context":"https:\/\/schema.org","@graph":[{"@type":"WebPage","@id":"https:\/\/glutenfrei-laktosefrei.ch\/fr\/faq-items\/vos-produits-de-boulangerie-combien-de-temps-puis-je-les-conserver-apres-decongelation\/","url":"https:\/\/glutenfrei-laktosefrei.ch\/fr\/faq-items\/vos-produits-de-boulangerie-combien-de-temps-puis-je-les-conserver-apres-decongelation\/","name":"Vos produits de p\u00e2tisserie, combien de temps puis-je les conserver apr\u00e8s d\u00e9cong\u00e9lation ? | A-B-W Riesen GmbH","isPartOf":{"@id":"https:\/\/glutenfrei-laktosefrei.ch\/fr\/#website"},"datePublished":"2025-12-10T10:16:18+00:00","dateModified":"2025-12-16T03:44:36+00:00","breadcrumb":{"@id":"https:\/\/glutenfrei-laktosefrei.ch\/fr\/faq-items\/vos-produits-de-boulangerie-combien-de-temps-puis-je-les-conserver-apres-decongelation\/#breadcrumb"},"inLanguage":"fr-FR","potentialAction":[{"@type":"ReadAction","target":["https:\/\/glutenfrei-laktosefrei.ch\/fr\/faq-items\/vos-produits-de-boulangerie-combien-de-temps-puis-je-les-conserver-apres-decongelation\/"]}]},{"@type":"BreadcrumbList","@id":"https:\/\/glutenfrei-laktosefrei.ch\/fr\/faq-items\/vos-produits-de-boulangerie-combien-de-temps-puis-je-les-conserver-apres-decongelation\/#breadcrumb","itemListElement":[{"@type":"ListItem","position":1,"name":"Home","item":"https:\/\/glutenfrei-laktosefrei.ch\/fr\/"},{"@type":"ListItem","position":2,"name":"FAQs","item":"https:\/\/glutenfrei-laktosefrei.ch\/fr\/faq-items\/"},{"@type":"ListItem","position":3,"name":"Vos produits de p\u00e2tisserie, combien de temps puis-je les conserver apr\u00e8s d\u00e9cong\u00e9lation ?"}]},{"@type":"WebSite","@id":"https:\/\/glutenfrei-laktosefrei.ch\/fr\/#website","url":"https:\/\/glutenfrei-laktosefrei.ch\/fr\/","name":"A-B-W Riesen GmbH","description":"","publisher":{"@id":"https:\/\/glutenfrei-laktosefrei.ch\/fr\/#organization"},"potentialAction":[{"@type":"SearchAction","target":{"@type":"EntryPoint","urlTemplate":"https:\/\/glutenfrei-laktosefrei.ch\/fr\/?s={search_term_string}"},"query-input":{"@type":"PropertyValueSpecification","valueRequired":true,"valueName":"search_term_string"}}],"inLanguage":"fr-FR"},{"@type":"Organization","@id":"https:\/\/glutenfrei-laktosefrei.ch\/fr\/#organization","name":"A-B-W Riesen GmbH","url":"https:\/\/glutenfrei-laktosefrei.ch\/fr\/","logo":{"@type":"ImageObject","inLanguage":"fr-FR","@id":"https:\/\/glutenfrei-laktosefrei.ch\/fr\/#\/schema\/logo\/image\/","url":"https:\/\/glutenfrei-laktosefrei.ch\/wp-content\/uploads\/2024\/12\/fav_2024.png","contentUrl":"https:\/\/glutenfrei-laktosefrei.ch\/wp-content\/uploads\/2024\/12\/fav_2024.png","width":100,"height":100,"caption":"A-B-W Riesen GmbH"},"image":{"@id":"https:\/\/glutenfrei-laktosefrei.ch\/fr\/#\/schema\/logo\/image\/"}}]}},"_links":{"self":[{"href":"https:\/\/glutenfrei-laktosefrei.ch\/fr\/wp-json\/wp\/v2\/avada_faq\/6013","targetHints":{"allow":["GET"]}}],"collection":[{"href":"https:\/\/glutenfrei-laktosefrei.ch\/fr\/wp-json\/wp\/v2\/avada_faq"}],"about":[{"href":"https:\/\/glutenfrei-laktosefrei.ch\/fr\/wp-json\/wp\/v2\/types\/avada_faq"}],"author":[{"embeddable":true,"href":"https:\/\/glutenfrei-laktosefrei.ch\/fr\/wp-json\/wp\/v2\/users\/2"}],"replies":[{"embeddable":true,"href":"https:\/\/glutenfrei-laktosefrei.ch\/fr\/wp-json\/wp\/v2\/comments?post=6013"}],"version-history":[{"count":2,"href":"https:\/\/glutenfrei-laktosefrei.ch\/fr\/wp-json\/wp\/v2\/avada_faq\/6013\/revisions"}],"predecessor-version":[{"id":6047,"href":"https:\/\/glutenfrei-laktosefrei.ch\/fr\/wp-json\/wp\/v2\/avada_faq\/6013\/revisions\/6047"}],"wp:attachment":[{"href":"https:\/\/glutenfrei-laktosefrei.ch\/fr\/wp-json\/wp\/v2\/media?parent=6013"}],"wp:term":[{"taxonomy":"faq_category","embeddable":true,"href":"https:\/\/glutenfrei-laktosefrei.ch\/fr\/wp-json\/wp\/v2\/faq_category?post=6013"}],"curies":[{"name":"wp","href":"https:\/\/api.w.org\/{rel}","templated":true}]}}